{"id":1905,"date":"2023-08-31T13:06:12","date_gmt":"2023-08-31T11:06:12","guid":{"rendered":"https:\/\/www.missionlocalejeuneloire.fr\/?page_id=1905"},"modified":"2024-11-13T13:54:25","modified_gmt":"2024-11-13T12:54:25","slug":"le-contrat-engagement-jeune","status":"publish","type":"page","link":"https:\/\/www.missionlocalejeuneloire.fr\/index.php\/le-contrat-engagement-jeune\/","title":{"rendered":"Le Contrat Engagement Jeune"},"content":{"rendered":"\t\t<div data-elementor-type=\"wp-page\" data-elementor-id=\"1905\" class=\"elementor elementor-1905\">\n\t\t\t\t\t\t<section class=\"elementor-section elementor-top-section elementor-element elementor-element-520df6d elementor-section-boxed elementor-section-height-default elementor-section-height-default wpr-particle-no wpr-jarallax-no wpr-parallax-no wpr-sticky-section-no\" data-id=\"520df6d\" data-element_type=\"section\" data-settings=\"{&quot;background_background&quot;:&quot;classic&quot;}\">\n\t\t\t\t\t\t<div class=\"elementor-container elementor-column-gap-default\">\n\t\t\t\t\t<div class=\"elementor-column elementor-col-33 elementor-top-column elementor-element elementor-element-844aca0\" data-id=\"844aca0\" data-element_type=\"column\">\n\t\t\t<div class=\"elementor-widget-wrap\">\n\t\t\t\t\t\t\t<\/div>\n\t\t<\/div>\n\t\t\t\t<div class=\"elementor-column elementor-col-33 elementor-top-column elementor-element elementor-element-e1b74f9\" data-id=\"e1b74f9\" data-element_type=\"column\">\n\t\t\t<div class=\"elementor-widget-wrap elementor-element-populated\">\n\t\t\t\t\t\t<div class=\"elementor-element elementor-element-58bd417 elementor-widget elementor-widget-image\" data-id=\"58bd417\" data-element_type=\"widget\" data-widget_type=\"image.default\">\n\t\t\t\t<div class=\"elementor-widget-container\">\n\t\t\t\t\t\t\t\t\t\t\t\t\t\t\t<img fetchpriority=\"high\" decoding=\"async\" width=\"1024\" height=\"379\" src=\"https:\/\/www.missionlocalejeuneloire.fr\/wp-content\/uploads\/2024\/07\/Bandeau-Facebook-1024x379.png\" class=\"attachment-large size-large wp-image-3599\" alt=\"\" srcset=\"https:\/\/www.missionlocalejeuneloire.fr\/wp-content\/uploads\/2024\/07\/Bandeau-Facebook-1024x379.png 1024w, https:\/\/www.missionlocalejeuneloire.fr\/wp-content\/uploads\/2024\/07\/Bandeau-Facebook-300x111.png 300w, https:\/\/www.missionlocalejeuneloire.fr\/wp-content\/uploads\/2024\/07\/Bandeau-Facebook-768x284.png 768w, https:\/\/www.missionlocalejeuneloire.fr\/wp-content\/uploads\/2024\/07\/Bandeau-Facebook-1536x569.png 1536w, https:\/\/www.missionlocalejeuneloire.fr\/wp-content\/uploads\/2024\/07\/Bandeau-Facebook-2048x758.png 2048w\" sizes=\"(max-width: 1024px) 100vw, 1024px\" \/>\t\t\t\t\t\t\t\t\t\t\t\t\t\t\t<\/div>\n\t\t\t\t<\/div>\n\t\t\t\t\t<\/div>\n\t\t<\/div>\n\t\t\t\t<div class=\"elementor-column elementor-col-33 elementor-top-column elementor-element elementor-element-67ea656 elementor-hidden-mobile\" data-id=\"67ea656\" data-element_type=\"column\">\n\t\t\t<div class=\"elementor-widget-wrap\">\n\t\t\t\t\t\t\t<\/div>\n\t\t<\/div>\n\t\t\t\t\t<\/div>\n\t\t<\/section>\n\t\t\t\t<section class=\"elementor-section elementor-top-section elementor-element elementor-element-a2d9aad elementor-section-boxed elementor-section-height-default elementor-section-height-default wpr-particle-no wpr-jarallax-no wpr-parallax-no wpr-sticky-section-no\" data-id=\"a2d9aad\" data-element_type=\"section\" data-settings=\"{&quot;background_background&quot;:&quot;classic&quot;}\">\n\t\t\t\t\t\t<div class=\"elementor-container elementor-column-gap-default\">\n\t\t\t\t\t<div class=\"elementor-column elementor-col-100 elementor-top-column elementor-element elementor-element-6948149\" data-id=\"6948149\" data-element_type=\"column\">\n\t\t\t<div class=\"elementor-widget-wrap elementor-element-populated\">\n\t\t\t\t\t\t<div class=\"elementor-element elementor-element-f2d1698 elementor-widget elementor-widget-heading\" data-id=\"f2d1698\" data-element_type=\"widget\" data-widget_type=\"heading.default\">\n\t\t\t\t<div class=\"elementor-widget-container\">\n\t\t\t\t\t<h2 class=\"elementor-heading-title elementor-size-default\">LE CONTRAT ENGAGEMENT JEUNE<\/h2>\t\t\t\t<\/div>\n\t\t\t\t<\/div>\n\t\t\t\t<div class=\"elementor-element elementor-element-655fbf8 elementor-widget elementor-widget-text-editor\" data-id=\"655fbf8\" data-element_type=\"widget\" data-widget_type=\"text-editor.default\">\n\t\t\t\t<div class=\"elementor-widget-container\">\n\t\t\t\t\t\t\t\t\t<p><strong>Le Contrat d\u2019Engagement Jeune<\/strong> s\u2019inscrit dans la continuit\u00e9 du <strong>plan \u00ab\u00a01 jeune, 1 solution\u00a0\u00bb<\/strong> mis en place en juillet 2020, une mobilisation en faveur de l\u2019emploi des jeunes qui a permis \u00e0 pr\u00e8s de 4 millions d\u2019entre d\u2019eux de trouver une solution\u00a0: <strong>un emploi, une formation ou un parcours d\u2019insertion.<\/strong><\/p><p>Il s\u2019adresse aux jeunes de 16 \u00e0 25 ans r\u00e9volus (ou 29 ans r\u00e9volus lorsqu\u2019ils disposent d\u2019une reconnaissance de la qualit\u00e9 de travailleur handicap\u00e9), qui ne sont pas \u00e9tudiants, ne suivent pas une formation et pr\u00e9sentent des difficult\u00e9s d\u2019acc\u00e8s \u00e0 l\u2019emploi durable. En vigueur depuis le 1<sup>er<\/sup> mars 2022,<strong> le Contrat d\u2019Engagement Jeune propose \u00e0 ces jeunes un accompagnement individuel et intensif profond\u00e9ment renouvel\u00e9<\/strong>, dans un cadre exigeant, avec un objectif d\u2019entr\u00e9e plus rapide et durable dans l\u2019emploi. Il remplace la Garantie jeunes. Il est mis en \u0153uvre par P\u00f4le emploi et les missions locales.<\/p><p><strong>Un parcours enti\u00e8rement personnalis\u00e9 qui peut durer de<span style=\"color: #ff9900;\"> 1 \u00e0 12 mois*<\/span><\/strong> pour les jeunes en fonction de leur profil, avec l\u2019objectif de les aider \u00e0 d\u00e9finir leur projet professionnel et \u00e0 trouver un emploi.<\/p><p><strong>Quand un jeune signe son contrat, il b\u00e9n\u00e9ficie de\u00a0:<\/strong><\/p><p>1. <strong>Un accompagnement par un conseiller d\u00e9di\u00e9 <\/strong> qui le suit tout au long de son parcours et jusqu\u2019\u00e0 ce qu\u2019il acc\u00e8de \u00e0 un emploi durable<br class=\"autobr\" \/>2. <strong>Un programme intensif <\/strong> de 15 \u00e0 20 heures par semaine compos\u00e9 de diff\u00e9rents types d\u2019activit\u00e9s<br class=\"autobr\" \/>3. <strong>Une allocation pouvant aller jusqu\u2019\u00e0 <span style=\"color: #ff9900;\">552.29\u20ac<\/span><\/strong>\u00a0par mois en fonction de ses ressources et sous condition de respecter ses engagements<\/p><p><i>*La dur\u00e9e de l\u2019accompagnement pourra exceptionnellement aller jusqu\u2019\u00e0 18 mois.<\/i><\/p>\t\t\t\t\t\t\t\t<\/div>\n\t\t\t\t<\/div>\n\t\t\t\t\t<\/div>\n\t\t<\/div>\n\t\t\t\t\t<\/div>\n\t\t<\/section>\n\t\t\t\t<section class=\"elementor-section elementor-top-section elementor-element elementor-element-1fc16b6 elementor-section-boxed elementor-section-height-default elementor-section-height-default wpr-particle-no wpr-jarallax-no wpr-parallax-no wpr-sticky-section-no\" data-id=\"1fc16b6\" data-element_type=\"section\" data-settings=\"{&quot;background_background&quot;:&quot;classic&quot;}\">\n\t\t\t\t\t\t<div class=\"elementor-container elementor-column-gap-default\">\n\t\t\t\t\t<div class=\"elementor-column elementor-col-100 elementor-top-column elementor-element elementor-element-3dfb657\" data-id=\"3dfb657\" data-element_type=\"column\">\n\t\t\t<div class=\"elementor-widget-wrap elementor-element-populated\">\n\t\t\t\t\t\t<div class=\"elementor-element elementor-element-76182d6 elementor-widget elementor-widget-spacer\" data-id=\"76182d6\" data-element_type=\"widget\" data-widget_type=\"spacer.default\">\n\t\t\t\t<div class=\"elementor-widget-container\">\n\t\t\t\t\t\t\t<div class=\"elementor-spacer\">\n\t\t\t<div class=\"elementor-spacer-inner\"><\/div>\n\t\t<\/div>\n\t\t\t\t\t\t<\/div>\n\t\t\t\t<\/div>\n\t\t\t\t<div class=\"elementor-element elementor-element-07ba292 elementor-widget elementor-widget-heading\" data-id=\"07ba292\" data-element_type=\"widget\" data-widget_type=\"heading.default\">\n\t\t\t\t<div class=\"elementor-widget-container\">\n\t\t\t\t\t<h2 class=\"elementor-heading-title elementor-size-default\">Qu\u2019est-ce que le Contrat d\u2019Engagement Jeune CEJ ? <\/h2>\t\t\t\t<\/div>\n\t\t\t\t<\/div>\n\t\t\t\t<div class=\"elementor-element elementor-element-c476e4a elementor-widget elementor-widget-accordion\" data-id=\"c476e4a\" data-element_type=\"widget\" data-widget_type=\"accordion.default\">\n\t\t\t\t<div class=\"elementor-widget-container\">\n\t\t\t\t\t\t\t<div class=\"elementor-accordion\">\n\t\t\t\t\t\t\t<div class=\"elementor-accordion-item\">\n\t\t\t\t\t<div id=\"elementor-tab-title-2061\" class=\"elementor-tab-title\" data-tab=\"1\" role=\"button\" aria-controls=\"elementor-tab-content-2061\" aria-expanded=\"false\">\n\t\t\t\t\t\t\t\t\t\t\t\t\t<span class=\"elementor-accordion-icon elementor-accordion-icon-left\" aria-hidden=\"true\">\n\t\t\t\t\t\t\t\t\t\t\t\t\t\t\t<span class=\"elementor-accordion-icon-closed\"><i class=\"fas fa-plus\"><\/i><\/span>\n\t\t\t\t\t\t\t\t<span class=\"elementor-accordion-icon-opened\"><i class=\"fas fa-minus\"><\/i><\/span>\n\t\t\t\t\t\t\t\t\t\t\t\t\t\t<\/span>\n\t\t\t\t\t\t\t\t\t\t\t\t<a class=\"elementor-accordion-title\" tabindex=\"0\">Qu\u2019est-ce que le Contrat d\u2019Engagement Jeune ? <\/a>\n\t\t\t\t\t<\/div>\n\t\t\t\t\t<div id=\"elementor-tab-content-2061\" class=\"elementor-tab-content elementor-clearfix\" data-tab=\"1\" role=\"region\" aria-labelledby=\"elementor-tab-title-2061\"><ul class=\"spip\"><li><strong>Un diagnostic initial approfondi <\/strong> permettant de mieux comprendre la situation du jeune, ses motivations et comp\u00e9tences, ses difficult\u00e9s d\u2019acc\u00e8s \u00e0 l\u2019emploi durable et ses souhaits en mati\u00e8re d\u2019emploi<\/li><li><strong>Un parcours intensif et personnalis\u00e9<\/strong> pouvant durer jusqu\u2019\u00e0 12 mois (prolongeable jusqu\u2019\u00e0 18 mois pour les jeunes les plus \u00e9loign\u00e9s de l\u2019emploi), avec au minimum 15 \u00e0 20 heures d\u2019activit\u00e9s par semaine tout au long du parcours, comprenant des actions individuelles, collectives et en autonomie encadr\u00e9e<\/li><li><strong>La possibilit\u00e9 de b\u00e9n\u00e9ficier de l\u2019ensemble de l\u2019offre de services de France travail et des Missions Locales<\/strong> ainsi que d\u2019actions structurantes durant le parcours\u00a0: par exemple formation, dispositif d\u2019accompagnement intensif (EPIDE, \u00c9cole de la 2<sup>e<\/sup> Chance\u2026), volontariat en service civique ou p\u00e9riode de mise en situation en milieu professionnel<\/li><li><strong>Un suivi par un conseiller r\u00e9f\u00e9rent d\u00e9di\u00e9<\/strong>, jalonn\u00e9 de points r\u00e9guliers<\/li><li><strong>Le versement d\u2019une allocation<\/strong> pouvant aller jusqu\u2019\u00e0 552 \u20ac par mois en fonction de l\u2019\u00e2ge du b\u00e9n\u00e9ficiaire, de ses ressources ou celles de son foyer et \u00e0 la condition du respect des engagements de son contrat<\/li><li><strong>La mise \u00e0 disposition d\u2019une application num\u00e9riqu<\/strong>e pour faciliter la relation entre le jeune et son conseiller<\/li><\/ul><\/div>\n\t\t\t\t<\/div>\n\t\t\t\t\t\t\t<div class=\"elementor-accordion-item\">\n\t\t\t\t\t<div id=\"elementor-tab-title-2062\" class=\"elementor-tab-title\" data-tab=\"2\" role=\"button\" aria-controls=\"elementor-tab-content-2062\" aria-expanded=\"false\">\n\t\t\t\t\t\t\t\t\t\t\t\t\t<span class=\"elementor-accordion-icon elementor-accordion-icon-left\" aria-hidden=\"true\">\n\t\t\t\t\t\t\t\t\t\t\t\t\t\t\t<span class=\"elementor-accordion-icon-closed\"><i class=\"fas fa-plus\"><\/i><\/span>\n\t\t\t\t\t\t\t\t<span class=\"elementor-accordion-icon-opened\"><i class=\"fas fa-minus\"><\/i><\/span>\n\t\t\t\t\t\t\t\t\t\t\t\t\t\t<\/span>\n\t\t\t\t\t\t\t\t\t\t\t\t<a class=\"elementor-accordion-title\" tabindex=\"0\">\u00c0 qui s\u2019adresse le Contrat d\u2019Engagement Jeune ?<\/a>\n\t\t\t\t\t<\/div>\n\t\t\t\t\t<div id=\"elementor-tab-content-2062\" class=\"elementor-tab-content elementor-clearfix\" data-tab=\"2\" role=\"region\" aria-labelledby=\"elementor-tab-title-2062\"><ul class=\"spip\"><li><strong>Les jeunes de 16 \u00e0 25 ans r\u00e9volus<\/strong> qui ne sont pas \u00e9tudiants, ne suivent pas une formation et qui rencontrent des difficult\u00e9s d\u2019acc\u00e8s \u00e0 l\u2019emploi durable<\/li><li>Pour les jeunes b\u00e9n\u00e9ficiant d\u2019une reconnaissance de la qualit\u00e9 de travailleur handicap\u00e9, la limite d\u2019\u00e2ge est port\u00e9e \u00e0 29 ans r\u00e9volus<\/li><\/ul><p>Le Contrat d\u2019Engagement Jeune est propos\u00e9 \u00e0 la suite d\u2019un diagnostic \u00e9tabli par le conseiller de la Mission Locale ou de P\u00f4le emploi aux jeunes qui souhaitent s\u2019engager activement dans un accompagnement intensif vers l\u2019emploi.<\/p><\/div>\n\t\t\t\t<\/div>\n\t\t\t\t\t\t\t<div class=\"elementor-accordion-item\">\n\t\t\t\t\t<div id=\"elementor-tab-title-2063\" class=\"elementor-tab-title\" data-tab=\"3\" role=\"button\" aria-controls=\"elementor-tab-content-2063\" aria-expanded=\"false\">\n\t\t\t\t\t\t\t\t\t\t\t\t\t<span class=\"elementor-accordion-icon elementor-accordion-icon-left\" aria-hidden=\"true\">\n\t\t\t\t\t\t\t\t\t\t\t\t\t\t\t<span class=\"elementor-accordion-icon-closed\"><i class=\"fas fa-plus\"><\/i><\/span>\n\t\t\t\t\t\t\t\t<span class=\"elementor-accordion-icon-opened\"><i class=\"fas fa-minus\"><\/i><\/span>\n\t\t\t\t\t\t\t\t\t\t\t\t\t\t<\/span>\n\t\t\t\t\t\t\t\t\t\t\t\t<a class=\"elementor-accordion-title\" tabindex=\"0\">Qu\u2019est-il propos\u00e9 aux jeunes qui entrent en Contrat d\u2019Engagement Jeune ?<\/a>\n\t\t\t\t\t<\/div>\n\t\t\t\t\t<div id=\"elementor-tab-content-2063\" class=\"elementor-tab-content elementor-clearfix\" data-tab=\"3\" role=\"region\" aria-labelledby=\"elementor-tab-title-2063\"><p>Les jeunes b\u00e9n\u00e9ficient <strong>au minimum de 15 \u00e0 20 heures par semaine d\u2019activit\u00e9s individuelles, collectives<\/strong> et en autonomie encadr\u00e9e reposant sur l\u2019offre de service de P\u00f4le emploi et des Missions Locales.<\/p><p>Il peut notamment s\u2019agir d\u2019activit\u00e9s recouvrant les domaines ci-dessous\u00a0: <br class=\"autobr\" \/>\u00a0<\/p><ul class=\"spip\"><li><strong>Construction du projet professionnel<\/strong>\u00a0: immersions professionnelles en entreprise, stage\u2026<\/li><li><strong>D\u00e9veloppement des comp\u00e9tences<\/strong>\u00a0: construction d\u2019un parcours de formation, remise \u00e0 niveau, travail sur les savoir-\u00eatre ou exp\u00e9riences professionnelles<\/li><li><strong>Pr\u00e9paration d\u2019une candidature<\/strong>\u00a0: notamment pr\u00e9paration de CV et lettre de motivation,<\/li><li><strong>Recherche de solutions d\u2019emploi<\/strong>\u00a0: par exemple pr\u00e9paration d\u2019une r\u00e9ponse \u00e0 une offre d\u2019emploi ou \u00e0 un entretien d\u2019embauche<\/li><li><strong>Cr\u00e9ation d\u2019entreprise<\/strong>\u00a0: sensibilisation \u00e0 la cr\u00e9ation d\u2019entreprise, pr\u00e9paration d\u2019un projet, accompagnement dans les d\u00e9marches administratives<\/li><li><strong>Prise de confiance et remobilisation<\/strong>\u00a0: par exemple image de soi, engagement, mentorat<\/li><li><strong>Lev\u00e9e des freins p\u00e9riph\u00e9riques<\/strong>\u00a0: activit\u00e9s visant par exemple \u00e0 r\u00e9pondre \u00e0 un besoin en mati\u00e8re de sant\u00e9, mobilit\u00e9, logement, gestion du budget, etc.<\/li><\/ul><p>Ils b\u00e9n\u00e9ficient \u00e9galement, selon leurs besoins, d\u2019actions structurantes, telles que\u00a0:<br class=\"autobr\" \/>\u00a0<\/p><ul class=\"spip\"><li><strong>Une formation ou un dispositif pr\u00e9paratoire<\/strong> (formation pr\u00e9-qualifiante ou qualifiante, certifiante, dipl\u00f4mante, pr\u00e9pa apprentissage, etc.)<\/li><li><strong>Un accompagnement intensif sp\u00e9cifique externe <\/strong> (par exemple au sein de l\u2019EPIDE, d\u2019une \u00c9cole de la 2<sup>e<\/sup> Chance, en int\u00e9grant le service militaire adapt\u00e9 ou encore le service militaire volontaire)<\/li><li><strong>Une mission d\u2019utilit\u00e9 sociale<\/strong>\u00a0: par exemple le service civique ou la phase d\u2019engagement du service national universel<\/li><li><strong>Une p\u00e9riode d\u2019emploi aid\u00e9<\/strong>\u00a0: insertion par l\u2019activit\u00e9 \u00e9conomique, contrats aid\u00e9s (PEC ou CIE), CDD tremplin<\/li><\/ul><p>En outre, les jeunes b\u00e9n\u00e9ficient de points d\u2019\u00e9tapes r\u00e9guliers avec leur conseiller r\u00e9f\u00e9rent, incluant des entretiens hebdomadaires et des points d\u2019\u00e9tapes mensuels.<\/p><\/div>\n\t\t\t\t<\/div>\n\t\t\t\t\t\t\t<div class=\"elementor-accordion-item\">\n\t\t\t\t\t<div id=\"elementor-tab-title-2064\" class=\"elementor-tab-title\" data-tab=\"4\" role=\"button\" aria-controls=\"elementor-tab-content-2064\" aria-expanded=\"false\">\n\t\t\t\t\t\t\t\t\t\t\t\t\t<span class=\"elementor-accordion-icon elementor-accordion-icon-left\" aria-hidden=\"true\">\n\t\t\t\t\t\t\t\t\t\t\t\t\t\t\t<span class=\"elementor-accordion-icon-closed\"><i class=\"fas fa-plus\"><\/i><\/span>\n\t\t\t\t\t\t\t\t<span class=\"elementor-accordion-icon-opened\"><i class=\"fas fa-minus\"><\/i><\/span>\n\t\t\t\t\t\t\t\t\t\t\t\t\t\t<\/span>\n\t\t\t\t\t\t\t\t\t\t\t\t<a class=\"elementor-accordion-title\" tabindex=\"0\">Qui peut b\u00e9n\u00e9ficier de l\u2019allocation financi\u00e8re du Contrat d\u2019Engagement Jeune et quel est son montant ?<\/a>\n\t\t\t\t\t<\/div>\n\t\t\t\t\t<div id=\"elementor-tab-content-2064\" class=\"elementor-tab-content elementor-clearfix\" data-tab=\"4\" role=\"region\" aria-labelledby=\"elementor-tab-title-2064\"><p>L\u2019allocation est destin\u00e9e aux jeunes dont les ressources sont faibles, qui ne sont pas en mesure de suivre un accompagnement exigeant tout en subvenant \u00e0 leurs besoins. Pouvant s\u2019\u00e9lever \u00e0 552.29 \u20ac par mois, l\u2019allocation est conditionn\u00e9e \u00e0 l\u2019assiduit\u00e9 et \u00e0 l\u2019engagement du jeune dans son parcours.<\/p><p>L\u2019allocation est <strong>calcul\u00e9e en fonction de l\u2019\u00e2ge du jeune, de ses ressources ou de celles de son foyer<\/strong>\u00a0: <br class=\"autobr\" \/>\u00a0<\/p><ul class=\"spip\"><li><strong>552.29 \u20ac (ou 314,80 \u20ac \u00e0 Mayotte)<\/strong> lorsque le jeune majeur constitue ou est rattach\u00e9 \u00e0 un foyer fiscal non imposable \u00e0 l\u2019imp\u00f4t sur le revenu<\/li><li><strong>331,17 \u20ac (ou 188,89 \u20ac \u00e0 Mayotte)<\/strong> lorsque le jeune majeur constitue ou est rattach\u00e9 \u00e0 un foyer fiscal imposable \u00e0 la premi\u00e8re tranche de l\u2019imp\u00f4t sur le revenu<\/li><li><strong>pour un jeune mineur : 220,92 \u20ac (ou 125,92 \u20ac \u00e0 Mayotte)<\/strong>, lorsque le jeune mineur constitue ou est rattach\u00e9 \u00e0 un foyer fiscal non imposable \u00e0 l\u2019imp\u00f4t sur le revenu ou lorsqu\u2019il constitue ou est rattach\u00e9 \u00e0 un foyer imposable \u00e0 la premi\u00e8re tranche.<\/li><\/ul><p><i>(Montants au 1<sup>er<\/sup> avril 2024)<\/i><\/p><p><strong class=\"caractencadre2-spip spip\">\u00c0 noter\u00a0:<\/strong> le d\u00e9cret pr\u00e9voit de revaloriser l\u2019allocation vers\u00e9e aux jeunes en Contrat d\u2019Engagement Jeune le 1<sup>er<\/sup> avril de chaque ann\u00e9e et en fonction de l\u2019inflation.<\/p><p>Si ces conditions de ressources ne sont pas ou plus satisfaites, le jeune est ou reste accompagn\u00e9 en Contrat d\u2019Engagement Jeune mais n\u2019est pas\/plus \u00e9ligible \u00e0 l\u2019allocation.<\/p><p>L\u2019allocation est notamment int\u00e9gralement cumulable avec les ressources d\u2019activit\u00e9 du jeune tant que celles-ci ne d\u00e9passent pas un montant mensuel net de 300 \u20ac. Au-del\u00e0, le montant de l\u2019allocation est d\u00e9gressif.<\/p><p>Le montant maximal de l\u2019allocation est harmonis\u00e9 avec les ressources vers\u00e9es dans le cadre d\u2019autres solutions que le jeune re\u00e7oive des revenus tir\u00e9s des stages de formation professionnelle ou de parcours dispens\u00e9s par des \u00c9coles de la 2<sup>e<\/sup> Chance, ou par des centres EPIDE, il peut ainsi toucher jusqu\u2019\u00e0 552.29 \u20ac par mois tout au long de son parcours. Ces revenus ne peuvent n\u00e9anmoins se cumuler avec l\u2019allocation du Contrat d\u2019Engagement Jeune et d\u00e9passer 552.29 \u20ac par mois.<\/p><p>L\u2019allocation n\u2019est <strong>pas cumulable avec le RSA et la prime d\u2019activit\u00e9<\/strong>, sauf exceptions.<\/p><p>S\u2019il ne respecte pas ses engagements, le jeune s\u2019expose \u00e0 une r\u00e9duction du montant de son allocation voire \u00e0 sa suppression. La d\u00e9cision est prise par le repr\u00e9sentant l\u00e9gal de la Mission Locale ou de P\u00f4le emploi, sur proposition du conseiller, apr\u00e8s avoir permis au jeune de pr\u00e9senter ses observation<\/p><\/div>\n\t\t\t\t<\/div>\n\t\t\t\t\t\t\t<div class=\"elementor-accordion-item\">\n\t\t\t\t\t<div id=\"elementor-tab-title-2065\" class=\"elementor-tab-title\" data-tab=\"5\" role=\"button\" aria-controls=\"elementor-tab-content-2065\" aria-expanded=\"false\">\n\t\t\t\t\t\t\t\t\t\t\t\t\t<span class=\"elementor-accordion-icon elementor-accordion-icon-left\" aria-hidden=\"true\">\n\t\t\t\t\t\t\t\t\t\t\t\t\t\t\t<span class=\"elementor-accordion-icon-closed\"><i class=\"fas fa-plus\"><\/i><\/span>\n\t\t\t\t\t\t\t\t<span class=\"elementor-accordion-icon-opened\"><i class=\"fas fa-minus\"><\/i><\/span>\n\t\t\t\t\t\t\t\t\t\t\t\t\t\t<\/span>\n\t\t\t\t\t\t\t\t\t\t\t\t<a class=\"elementor-accordion-title\" tabindex=\"0\">Comment b\u00e9n\u00e9ficier du Contrat d\u2019Engagement Jeune et \u00e0 qui s\u2019adresser ?<\/a>\n\t\t\t\t\t<\/div>\n\t\t\t\t\t<div id=\"elementor-tab-content-2065\" class=\"elementor-tab-content elementor-clearfix\" data-tab=\"5\" role=\"region\" aria-labelledby=\"elementor-tab-title-2065\"><ul class=\"spip\"><li>Vous pouvez vous rendre dans l\u2019<a class=\"spip_out external\" title=\"agence P\u00f4le emploi (nouvelle fen\u00eatre)\" href=\"https:\/\/www.pole-emploi.fr\/annuaire\/votre-pole-emploi.html\" target=\"_blank\" rel=\"external noopener noreferrer\">agence France Travail<\/a> ou l\u2019antenne de la <a href=\"https:\/\/abdelkaderrailane.fr\/mission\">Mission Locale<\/a> la plus proche de chez vous<\/li><li>Vous pouvez \u00e9galement effectuer un test sur <a class=\"spip_out external\" title=\"le site 1 jeune, 1 solution (nouvelle fen\u00eatre)\" href=\"https:\/\/www.1jeune1solution.gouv.fr\/contrat-engagement-jeune\" target=\"_blank\" rel=\"external noopener noreferrer\">le site 1 jeune, 1 solution<\/a> pour \u00eatre recontact\u00e9 par un conseiller de P\u00f4le emploi ou de la Mission Locale proche de chez vous.<\/li><\/ul><\/div>\n\t\t\t\t<\/div>\n\t\t\t\t\t\t\t<div class=\"elementor-accordion-item\">\n\t\t\t\t\t<div id=\"elementor-tab-title-2066\" class=\"elementor-tab-title\" data-tab=\"6\" role=\"button\" aria-controls=\"elementor-tab-content-2066\" aria-expanded=\"false\">\n\t\t\t\t\t\t\t\t\t\t\t\t\t<span class=\"elementor-accordion-icon elementor-accordion-icon-left\" aria-hidden=\"true\">\n\t\t\t\t\t\t\t\t\t\t\t\t\t\t\t<span class=\"elementor-accordion-icon-closed\"><i class=\"fas fa-plus\"><\/i><\/span>\n\t\t\t\t\t\t\t\t<span class=\"elementor-accordion-icon-opened\"><i class=\"fas fa-minus\"><\/i><\/span>\n\t\t\t\t\t\t\t\t\t\t\t\t\t\t<\/span>\n\t\t\t\t\t\t\t\t\t\t\t\t<a class=\"elementor-accordion-title\" tabindex=\"0\">Comment se formalise le Contrat d\u2019Engagement Jeune ?<\/a>\n\t\t\t\t\t<\/div>\n\t\t\t\t\t<div id=\"elementor-tab-content-2066\" class=\"elementor-tab-content elementor-clearfix\" data-tab=\"6\" role=\"region\" aria-labelledby=\"elementor-tab-title-2066\"><p>La d\u00e9cision d\u2019admission d\u2019un jeune se mat\u00e9rialise par la <strong>signature du Contrat d\u2019Engagement Jeune<\/strong> qui constitue une d\u00e9cision administrative prise au nom de l\u2019\u00c9tat, tout comme le refus d\u2019admission.<\/p><p>Un plan d\u2019actions est \u00e9labor\u00e9 <strong>en fonction des besoins du jeune<\/strong> qui pr\u00e9cise les objectifs et la dur\u00e9e de l\u2019accompagnement, qui ne peut exc\u00e9der une dur\u00e9e de douze mois.<\/p><p>Ce plan d\u2019actions formalise la feuille de route du jeune et de l\u2019op\u00e9rateur qui assurera le suivi du contrat. C\u2019est un outil \u00e9volutif, qui peut \u00eatre modifi\u00e9 au cours de la dur\u00e9e de l\u2019accompagnement d\u00e8s que le conseiller l\u2019estime pertinent en lien avec le jeune concern\u00e9.<\/p><p>Pour r\u00e9pondre au <strong>caract\u00e8re intensif de l\u2019accompagnement<\/strong> dans le cadre du Contrat d\u2019Engagement Jeune, ce plan d\u2019actions doit pr\u00e9voir entre quinze \u00e0 vingt heures d\u2019activit\u00e9s minimum par semaine.<\/p><p><strong class=\"caractencadre2-spip spip\">\u00c0 noter\u00a0:<\/strong> le cas \u00e9ch\u00e9ant, le contrat initial peut, \u00e0 titre exceptionnel et au regard des besoins du jeune, \u00eatre prolong\u00e9, \u00e0 plusieurs reprises si n\u00e9cessaire, jusqu\u2019\u00e0 une dur\u00e9e maximale de dix-huit mois au total. Dans ce cas, le b\u00e9n\u00e9fice de l\u2019allocation financi\u00e8re est \u00e9galement reconduit, dans le respect des conditions d\u2019attribution. La motivation de ces prolongations doit appara\u00eetre dans le bilan r\u00e9alis\u00e9 par le conseiller \u00e0 l\u2019issue de la premi\u00e8re p\u00e9riode d\u2019accompagnement.<\/p><p>En outre, le jeune b\u00e9n\u00e9ficie de <strong>points d\u2019\u00e9tapes r\u00e9guliers avec son conseiller r\u00e9f\u00e9rent<\/strong>, incluant des entretiens hebdomadaires et des points d\u2019\u00e9tapes mensuels.<\/p><\/div>\n\t\t\t\t<\/div>\n\t\t\t\t\t\t\t<div class=\"elementor-accordion-item\">\n\t\t\t\t\t<div id=\"elementor-tab-title-2067\" class=\"elementor-tab-title\" data-tab=\"7\" role=\"button\" aria-controls=\"elementor-tab-content-2067\" aria-expanded=\"false\">\n\t\t\t\t\t\t\t\t\t\t\t\t\t<span class=\"elementor-accordion-icon elementor-accordion-icon-left\" aria-hidden=\"true\">\n\t\t\t\t\t\t\t\t\t\t\t\t\t\t\t<span class=\"elementor-accordion-icon-closed\"><i class=\"fas fa-plus\"><\/i><\/span>\n\t\t\t\t\t\t\t\t<span class=\"elementor-accordion-icon-opened\"><i class=\"fas fa-minus\"><\/i><\/span>\n\t\t\t\t\t\t\t\t\t\t\t\t\t\t<\/span>\n\t\t\t\t\t\t\t\t\t\t\t\t<a class=\"elementor-accordion-title\" tabindex=\"0\">Le Contrat d\u2019Engagement Jeune peut-il \u00eatre rompu ?<\/a>\n\t\t\t\t\t<\/div>\n\t\t\t\t\t<div id=\"elementor-tab-content-2067\" class=\"elementor-tab-content elementor-clearfix\" data-tab=\"7\" role=\"region\" aria-labelledby=\"elementor-tab-title-2067\"><p>En cas d\u2019absence r\u00e9p\u00e9t\u00e9e \u00e0 une action programm\u00e9e ou si un jeune n\u2019a pas accompli les actions qu\u2019il devait accomplir dans le cadre des temps en autonomie, il peut \u00eatre sanctionn\u00e9.<\/p><p>L\u2019article R. 5131-18 dispose qu\u2019au troisi\u00e8me manquement constat\u00e9 sans motif l\u00e9gitime, le Contrat d\u2019Engagement Jeune est rompu. De m\u00eame, une fausse d\u00e9claration dans le but de percevoir l\u2019allocation entra\u00eene automatiquement la rupture du contrat. Ces d\u00e9cisions prennent effet le premier jour du mois suivant leur notification.<\/p><\/div>\n\t\t\t\t<\/div>\n\t\t\t\t\t\t\t\t<\/div>\n\t\t\t\t\t\t<\/div>\n\t\t\t\t<\/div>\n\t\t\t\t<div class=\"elementor-element elementor-element-71f12a6 elementor-widget elementor-widget-heading\" data-id=\"71f12a6\" data-element_type=\"widget\" data-widget_type=\"heading.default\">\n\t\t\t\t<div class=\"elementor-widget-container\">\n\t\t\t\t\t<h2 class=\"elementor-heading-title elementor-size-default\">Cette action vous int\u00e9resse, contactez la Mission Locale.<\/h2>\t\t\t\t<\/div>\n\t\t\t\t<\/div>\n\t\t\t\t<div class=\"elementor-element elementor-element-469d684 elementor-align-center elementor-widget elementor-widget-button\" data-id=\"469d684\" data-element_type=\"widget\" data-widget_type=\"button.default\">\n\t\t\t\t<div class=\"elementor-widget-container\">\n\t\t\t\t\t\t\t\t\t<div class=\"elementor-button-wrapper\">\n\t\t\t\t\t<a class=\"elementor-button elementor-button-link elementor-size-md elementor-animation-grow\" href=\"https:\/\/www.missionlocalejeuneloire.fr\/index.php\/contact\/\">\n\t\t\t\t\t\t<span class=\"elementor-button-content-wrapper\">\n\t\t\t\t\t\t\t\t\t<span class=\"elementor-button-text\">Contactez-nous<\/span>\n\t\t\t\t\t<\/span>\n\t\t\t\t\t<\/a>\n\t\t\t\t<\/div>\n\t\t\t\t\t\t\t\t<\/div>\n\t\t\t\t<\/div>\n\t\t\t\t<div class=\"elementor-element elementor-element-1616930 elementor-widget elementor-widget-spacer\" data-id=\"1616930\" data-element_type=\"widget\" data-widget_type=\"spacer.default\">\n\t\t\t\t<div class=\"elementor-widget-container\">\n\t\t\t\t\t\t\t<div class=\"elementor-spacer\">\n\t\t\t<div class=\"elementor-spacer-inner\"><\/div>\n\t\t<\/div>\n\t\t\t\t\t\t<\/div>\n\t\t\t\t<\/div>\n\t\t\t\t\t<\/div>\n\t\t<\/div>\n\t\t\t\t\t<\/div>\n\t\t<\/section>\n\t\t\t\t<\/div>\n\t\t","protected":false},"excerpt":{"rendered":"<p>LE CONTRAT ENGAGEMENT JEUNE Le Contrat d\u2019Engagement Jeune s\u2019inscrit dans la continuit\u00e9 du plan \u00ab\u00a01 jeune, 1 solution\u00a0\u00bb mis en place en juillet 2020, une mobilisation en faveur de l\u2019emploi des jeunes qui a permis \u00e0 pr\u00e8s de 4 millions d\u2019entre d\u2019eux de trouver une solution\u00a0: un emploi, une formation ou un parcours d\u2019insertion. Il s\u2019adresse aux jeunes de 16 \u00e0 25 ans r\u00e9volus (ou 29 ans r\u00e9volus lorsqu\u2019ils disposent d\u2019une reconnaissance de la qualit\u00e9 de travailleur handicap\u00e9), qui ne sont pas \u00e9tudiants, ne suivent pas une formation et pr\u00e9sentent des difficult\u00e9s d\u2019acc\u00e8s \u00e0 l\u2019emploi durable. En vigueur depuis le 1er mars 2022, le Contrat d\u2019Engagement Jeune propose \u00e0 ces jeunes un accompagnement individuel et intensif profond\u00e9ment renouvel\u00e9, dans un cadre exigeant, avec un objectif d\u2019entr\u00e9e plus rapide et durable dans l\u2019emploi. Il remplace la Garantie jeunes. Il est mis en \u0153uvre par P\u00f4le emploi et les missions locales. Un parcours enti\u00e8rement personnalis\u00e9 qui peut durer de 1 \u00e0 12 mois* pour les jeunes en fonction de leur profil, avec l\u2019objectif de les aider \u00e0 d\u00e9finir leur projet professionnel et \u00e0 trouver un emploi. Quand un jeune signe son contrat, il b\u00e9n\u00e9ficie de\u00a0: 1. Un accompagnement par un conseiller d\u00e9di\u00e9 qui le suit tout au long de son parcours et jusqu\u2019\u00e0 ce qu\u2019il acc\u00e8de \u00e0 un emploi durable2. Un programme intensif de 15 \u00e0 20 heures par semaine compos\u00e9 de diff\u00e9rents types d\u2019activit\u00e9s3. Une allocation pouvant aller jusqu\u2019\u00e0 552.29\u20ac\u00a0par mois en fonction de ses ressources et sous condition de respecter ses engagements *La dur\u00e9e de l\u2019accompagnement pourra exceptionnellement aller jusqu\u2019\u00e0 18 mois. Qu\u2019est-ce que le Contrat d\u2019Engagement Jeune CEJ ? Qu\u2019est-ce que le Contrat d\u2019Engagement Jeune ? Un diagnostic initial approfondi permettant de mieux comprendre la situation du jeune, ses motivations et comp\u00e9tences, ses difficult\u00e9s d\u2019acc\u00e8s \u00e0 l\u2019emploi durable et ses souhaits en mati\u00e8re d\u2019emploi Un parcours intensif et personnalis\u00e9 pouvant durer jusqu\u2019\u00e0 12 mois (prolongeable jusqu\u2019\u00e0 18 mois pour les jeunes les plus \u00e9loign\u00e9s de l\u2019emploi), avec au minimum 15 \u00e0 20 heures d\u2019activit\u00e9s par semaine tout au long du parcours, comprenant des actions individuelles, collectives et en autonomie encadr\u00e9e La possibilit\u00e9 de b\u00e9n\u00e9ficier de l\u2019ensemble de l\u2019offre de services de France travail et des Missions Locales ainsi que d\u2019actions structurantes durant le parcours\u00a0: par exemple formation, dispositif d\u2019accompagnement intensif (EPIDE, \u00c9cole de la 2e Chance\u2026), volontariat en service civique ou p\u00e9riode de mise en situation en milieu professionnel Un suivi par un conseiller r\u00e9f\u00e9rent d\u00e9di\u00e9, jalonn\u00e9 de points r\u00e9guliers Le versement d\u2019une allocation pouvant aller jusqu\u2019\u00e0 552 \u20ac par mois en fonction de l\u2019\u00e2ge du b\u00e9n\u00e9ficiaire, de ses ressources ou celles de son foyer et \u00e0 la condition du respect des engagements de son contrat La mise \u00e0 disposition d\u2019une application num\u00e9rique pour faciliter la relation entre le jeune et son conseiller \u00c0 qui s\u2019adresse le Contrat d\u2019Engagement Jeune ? Les jeunes de 16 \u00e0 25 ans r\u00e9volus qui ne sont pas \u00e9tudiants, ne suivent pas une formation et qui rencontrent des difficult\u00e9s d\u2019acc\u00e8s \u00e0 l\u2019emploi durable Pour les jeunes b\u00e9n\u00e9ficiant d\u2019une reconnaissance de la qualit\u00e9 de travailleur handicap\u00e9, la limite d\u2019\u00e2ge est port\u00e9e \u00e0 29 ans r\u00e9volus Le Contrat d\u2019Engagement Jeune est propos\u00e9 \u00e0 la suite d\u2019un diagnostic \u00e9tabli par le conseiller de la Mission Locale ou de P\u00f4le emploi aux jeunes qui souhaitent s\u2019engager activement dans un accompagnement intensif vers l\u2019emploi. Qu\u2019est-il propos\u00e9 aux jeunes qui entrent en Contrat d\u2019Engagement Jeune ? Les jeunes b\u00e9n\u00e9ficient au minimum de 15 \u00e0 20 heures par semaine d\u2019activit\u00e9s individuelles, collectives et en autonomie encadr\u00e9e reposant sur l\u2019offre de service de P\u00f4le emploi et des Missions Locales. Il peut notamment s\u2019agir d\u2019activit\u00e9s recouvrant les domaines ci-dessous\u00a0: \u00a0 Construction du projet professionnel\u00a0: immersions professionnelles en entreprise, stage\u2026 D\u00e9veloppement des comp\u00e9tences\u00a0: construction d\u2019un parcours de formation, remise \u00e0 niveau, travail sur les savoir-\u00eatre ou exp\u00e9riences professionnelles Pr\u00e9paration d\u2019une candidature\u00a0: notamment pr\u00e9paration de CV et lettre de motivation, Recherche de solutions d\u2019emploi\u00a0: par exemple pr\u00e9paration d\u2019une r\u00e9ponse \u00e0 une offre d\u2019emploi ou \u00e0 un entretien d\u2019embauche Cr\u00e9ation d\u2019entreprise\u00a0: sensibilisation \u00e0 la cr\u00e9ation d\u2019entreprise, pr\u00e9paration d\u2019un projet, accompagnement dans les d\u00e9marches administratives Prise de confiance et remobilisation\u00a0: par exemple image de soi, engagement, mentorat Lev\u00e9e des freins p\u00e9riph\u00e9riques\u00a0: activit\u00e9s visant par exemple \u00e0 r\u00e9pondre \u00e0 un besoin en mati\u00e8re de sant\u00e9, mobilit\u00e9, logement, gestion du budget, etc. Ils b\u00e9n\u00e9ficient \u00e9galement, selon leurs besoins, d\u2019actions structurantes, telles que\u00a0:\u00a0 Une formation ou un dispositif pr\u00e9paratoire (formation pr\u00e9-qualifiante ou qualifiante, certifiante, dipl\u00f4mante, pr\u00e9pa apprentissage, etc.) Un accompagnement intensif sp\u00e9cifique externe (par exemple au sein de l\u2019EPIDE, d\u2019une \u00c9cole de la 2e Chance, en int\u00e9grant le service militaire adapt\u00e9 ou encore le service militaire volontaire) Une mission d\u2019utilit\u00e9 sociale\u00a0: par exemple le service civique ou la phase d\u2019engagement du service national universel Une p\u00e9riode d\u2019emploi aid\u00e9\u00a0: insertion par l\u2019activit\u00e9 \u00e9conomique, contrats aid\u00e9s (PEC ou CIE), CDD tremplin En outre, les jeunes b\u00e9n\u00e9ficient de points d\u2019\u00e9tapes r\u00e9guliers avec leur conseiller r\u00e9f\u00e9rent, incluant des entretiens hebdomadaires et des points d\u2019\u00e9tapes mensuels. Qui peut b\u00e9n\u00e9ficier de l\u2019allocation financi\u00e8re du Contrat d\u2019Engagement Jeune et quel est son montant ? L\u2019allocation est destin\u00e9e aux jeunes dont les ressources sont faibles, qui ne sont pas en mesure de suivre un accompagnement exigeant tout en subvenant \u00e0 leurs besoins. Pouvant s\u2019\u00e9lever \u00e0 552.29 \u20ac par mois, l\u2019allocation est conditionn\u00e9e \u00e0 l\u2019assiduit\u00e9 et \u00e0 l\u2019engagement du jeune dans son parcours. L\u2019allocation est calcul\u00e9e en fonction de l\u2019\u00e2ge du jeune, de ses ressources ou de celles de son foyer\u00a0: \u00a0 552.29 \u20ac (ou 314,80 \u20ac \u00e0 Mayotte) lorsque le jeune majeur constitue ou est rattach\u00e9 \u00e0 un foyer fiscal non imposable \u00e0 l\u2019imp\u00f4t sur le revenu 331,17 \u20ac (ou 188,89 \u20ac \u00e0 Mayotte) lorsque le jeune majeur constitue ou est rattach\u00e9 \u00e0 un foyer fiscal imposable \u00e0 la premi\u00e8re tranche de l\u2019imp\u00f4t sur le revenu pour un jeune mineur : 220,92 \u20ac (ou 125,92 \u20ac \u00e0 Mayotte), lorsque le jeune mineur constitue ou est rattach\u00e9 \u00e0 un foyer fiscal non imposable \u00e0 l\u2019imp\u00f4t sur le revenu ou lorsqu\u2019il constitue ou est rattach\u00e9 \u00e0 un foyer imposable<\/p>\n","protected":false},"author":1,"featured_media":0,"parent":0,"menu_order":0,"comment_status":"closed","ping_status":"closed","template":"elementor_header_footer","meta":{"footnotes":""},"class_list":["post-1905","page","type-page","status-publish","hentry","entry"],"_links":{"self":[{"href":"https:\/\/www.missionlocalejeuneloire.fr\/index.php\/wp-json\/wp\/v2\/pages\/1905","targetHints":{"allow":["GET"]}}],"collection":[{"href":"https:\/\/www.missionlocalejeuneloire.fr\/index.php\/wp-json\/wp\/v2\/pages"}],"about":[{"href":"https:\/\/www.missionlocalejeuneloire.fr\/index.php\/wp-json\/wp\/v2\/types\/page"}],"author":[{"embeddable":true,"href":"https:\/\/www.missionlocalejeuneloire.fr\/index.php\/wp-json\/wp\/v2\/users\/1"}],"replies":[{"embeddable":true,"href":"https:\/\/www.missionlocalejeuneloire.fr\/index.php\/wp-json\/wp\/v2\/comments?post=1905"}],"version-history":[{"count":0,"href":"https:\/\/www.missionlocalejeuneloire.fr\/index.php\/wp-json\/wp\/v2\/pages\/1905\/revisions"}],"wp:attachment":[{"href":"https:\/\/www.missionlocalejeuneloire.fr\/index.php\/wp-json\/wp\/v2\/media?parent=1905"}],"curies":[{"name":"wp","href":"https:\/\/api.w.org\/{rel}","templated":true}]}}